{"id":2516,"date":"2019-11-16T11:56:10","date_gmt":"2019-11-16T16:56:10","guid":{"rendered":"http:\/\/sepperu.com.pe\/?page_id=2516"},"modified":"2019-11-19T11:46:23","modified_gmt":"2019-11-19T16:46:23","slug":"presentaciones-cne","status":"publish","type":"page","link":"https:\/\/sepperu.org.pe\/index.php\/presentaciones-cne\/","title":{"rendered":"Presentaciones CNE 2019"},"content":{"rendered":"<div class=\"wpb-content-wrapper\"><body><p>[vc_row][vc_column css=\u201d.vc_custom_1560777659697{padding-bottom: 50px !important;}\u201d]<div id=\"ultimate-heading-16a9b3d4fd3665\" class=\"uvc-heading ult-adjust-bottom-margin ultimate-heading-16a9b3d4fd3665 uvc-9441 accent-subtitle-color\" data-hspacer=\"no_spacer\"  data-halign=\"left\" style=\"text-align:left\"><div class=\"uvc-heading-spacer no_spacer\" style=\"top\"><\/div><div class=\"uvc-main-heading ult-responsive\"  data-ultimate-target='.uvc-heading.ultimate-heading-16a9b3d4fd3665 h3'  data-responsive-json-new='{\"font-size\":\"desktop:30px;\",\"line-height\":\"desktop:40px;\"}' ><h3 style=\"font-weight:bold;margin-bottom:5px;\">Presentaciones CNE 2019<\/h3><\/div><\/div>[vc_column_text css=\u201d.vc_custom_1574181958675{margin-top: 40px !important;}\u201d]<strong>GANADOR PREMIO LAMAS<\/strong><\/p>\n<p><a href=\"http:\/\/sepperu.com.pe\/wp1\/wp-content\/uploads\/2019\/11\/Efecto-del-extracto-de-Azadirachta-indica-Neem-sobre-viabilidad-de-Aedes-aegypti-Pamela-Morante-watermark.pdf\" target=\"_blank\" rel=\"noopener noreferrer\">Efecto del extracto de Azadirachta indica Neem sobre viabilidad de Aedes aegypti \u2013 Pamela Morante\u00a0<\/a><\/p>\n<p>\u00a0<\/p>\n<p><strong>GANADOR PREMIO HERRERA<\/strong><\/p>\n<p><a href=\"http:\/\/sepperu.com.pe\/wp1\/wp-content\/uploads\/2019\/11\/Comparaci%C3%B3n-de-los-perfiles-qu%C3%ADmicos-de-los-extractos-de-%C3%B3rganos-sexuales-de-Copitarsia-uncilata-Lep.-Noctuidae-Harold-Hern%C3%A1ndez-watermark.pdf\" target=\"_blank\" rel=\"noopener noreferrer\">Comparaci\u00f3n de los perfiles qu\u00edmicos de los extractos de \u00f3rganos sexuales de Copitarsia uncilata (Lep. Noctuidae) \u2013 Harold Hern\u00e1ndez<\/a><\/p>\n<p>\u00a0<\/p>\n<p><strong>CONFERENCIAS<\/strong><\/p>\n<p><a href=\"http:\/\/sepperu.com.pe\/wp1\/wp-content\/uploads\/2019\/11\/Yuri-Ayala-Evoluci%C3%B3n-de-la-hematofagia-preferencia-de-hospederos-y-ciclos-de-transmisi%C3%B3n-de-pat%C3%B3genos_watermark.pdf\" target=\"_blank\" rel=\"noopener noreferrer\">Evoluci\u00f3n de la hematofagia, preferencia de hospederos y ciclos de transmisi\u00f3n de pat\u00f3genos \u2013 Yuri Ayala<\/a><\/p>\n<p><a href=\"http:\/\/sepperu.com.pe\/wp1\/wp-content\/uploads\/2019\/11\/Luis-Valencia-Las-moscas-blancas-en-palto_watermark.pdf\" target=\"_blank\" rel=\"noopener noreferrer\">Las moscas blancas en palto \u2013 Luis Valencia<\/a><\/p>\n<p><a href=\"http:\/\/sepperu.com.pe\/wp1\/wp-content\/uploads\/2019\/11\/Felizardo-Fabi%C3%A1n-MIP-del-palto_watermark.pdf\" target=\"_blank\" rel=\"noopener noreferrer\">MIP del palto \u2013 Felizardo Fabi\u00e1n<\/a><\/p>\n<p><a href=\"http:\/\/sepperu.com.pe\/wp1\/wp-content\/uploads\/2019\/11\/Cesar-Huaripata-MIP-de-cebollas_watermark.pdf\" target=\"_blank\" rel=\"noopener noreferrer\">MIP de cebollas \u2013 Cesar Huaripata<\/a><\/p>\n<p><a href=\"http:\/\/sepperu.com.pe\/wp1\/wp-content\/uploads\/2019\/11\/Guillermo-Sanchez-MIP-de-la-vid_watermark.pdf\" target=\"_blank\" rel=\"noopener noreferrer\">MIP de la vid \u2013 Guillermo S\u00e1nchez<\/a><\/p>\n<p><a href=\"http:\/\/sepperu.com.pe\/wp1\/wp-content\/uploads\/2019\/11\/Victor-Ccasa-MIP-del-olivo_watermark.pdf\" target=\"_blank\" rel=\"noopener noreferrer\">MIP del olivo \u2013 Victor Ccasa<\/a><\/p>\n<p><a href=\"http:\/\/sepperu.com.pe\/wp1\/wp-content\/uploads\/2019\/11\/Silvia-Rondon-MIP-de-la-papa_watermark.pdf\" target=\"_blank\" rel=\"noopener noreferrer\">MIP de la papa \u2013 Silvia Rond\u00f3n<\/a><\/p>\n<p><a href=\"http:\/\/sepperu.com.pe\/wp1\/wp-content\/uploads\/2019\/11\/Nicanor-Bravo-MIP-de-cultivos-andinos_watermark.pdf\" target=\"_blank\" rel=\"noopener noreferrer\">MIP de cultivos andinos \u2013 Nicanor Bravo<\/a><\/p>\n<p><a href=\"http:\/\/sepperu.com.pe\/wp1\/wp-content\/uploads\/2019\/11\/Milton-Valladolid-Trips-y-sus-controladores-en-banano_watermark.pdf\" target=\"_blank\" rel=\"noopener noreferrer\">Trips y sus controladores en banano \u2013 Milton Valladolid<\/a><\/p>\n<p>\u00a0<\/p>\n<p><strong>SIMPOSIOS<\/strong><\/p>\n<p><a href=\"http:\/\/sepperu.com.pe\/wp1\/wp-content\/uploads\/2019\/11\/Mart%C3%ADn-Gries-Actualizacion-en-manejo-de-resentencia-en-Argentina-IRAC_watermark.pdf\" target=\"_blank\" rel=\"noopener noreferrer\">Actualizaci\u00f3n en manejo de resistencia en Argentina (IRAC) \u2013 Mart\u00edn Gries<\/a><\/p>\n<p><a href=\"http:\/\/sepperu.com.pe\/wp1\/wp-content\/uploads\/2019\/11\/Rosario-Rojas-Insectos-comestibles-de-la-Comunidad-de-Rumicallpa_watermark.pdf\" target=\"_blank\" rel=\"noopener noreferrer\">Insectos comestibles de la Comunidad de Rumicallpa \u2013 Rosario Rojas<\/a><\/p>\n<p><a href=\"http:\/\/sepperu.com.pe\/wp1\/wp-content\/uploads\/2019\/11\/Michael-Sauvain-Bioconversi%C3%B3n-por-insectos-en-el-Per%C3%BA_watermark.pdf\" target=\"_blank\" rel=\"noopener noreferrer\">Bioconversi\u00f3n por insectos en el Per\u00fa \u2013 Michael Sauvain<\/a><\/p>\n<p><a href=\"http:\/\/sepperu.com.pe\/wp1\/wp-content\/uploads\/2019\/11\/Eduardo-Lama-Crianza-Sostenible-de-Tenebrio-molitor_watermark.pdf\" target=\"_blank\" rel=\"noopener noreferrer\">Crianza Sostenible de <em>Tenebrio molitor<\/em> \u2013 Eduardo Lama<\/a><\/p>\n<p><a href=\"http:\/\/sepperu.com.pe\/wp1\/wp-content\/uploads\/2019\/11\/Carolina-Aguilar-Evoluci%C3%B3n-del-uso-de-nematodos-entomopat%C3%B3genos-en-Camposol_watermark.pdf\" target=\"_blank\" rel=\"noopener noreferrer\">Evoluci\u00f3n del uso de nematodos entomopat\u00f3genos en Camposol \u2013 Carolina Aguilar<\/a><\/p>\n<p><a href=\"http:\/\/sepperu.com.pe\/wp1\/wp-content\/uploads\/2019\/11\/Felipe-Diaz-Potencial-de-Heterorhabditis-bacteriophora-y-Steinernema-feltiae-para-control-de-plagas-en-ar%C3%A1ndanos_watermark.pdf\" target=\"_blank\" rel=\"noopener noreferrer\">Potencial de <em>Heterorhabditis bacteriophora<\/em> y <em>Steinernema feltiae<\/em> para control de plagas en ar\u00e1ndanos \u2013 Felipe D\u00edaz<\/a><\/p>\n<p><a href=\"http:\/\/sepperu.com.pe\/wp1\/wp-content\/uploads\/2019\/11\/Andres-Casas-Fisiologia-Manejo-Agron%C3%B3mico-y-su-relaci%C3%B3n-al-Manejo-Integrado-de-Plagas_watermark.pdf\" target=\"_blank\" rel=\"noopener noreferrer\">Fisiolog\u00eda, Manejo Agron\u00f3mico y su\u00a0 relaci\u00f3n al Manejo Integrado de Plagas \u2013 Andr\u00e9s Casas<\/a><\/p>\n<p><a href=\"http:\/\/sepperu.com.pe\/wp1\/wp-content\/uploads\/2019\/11\/Silvia-Rondon-25-a%C3%B1os-desarrollando-programas-MIP-en-Norteam%C3%A9rica_watermark.pdf\" target=\"_blank\" rel=\"noopener noreferrer\">25 a\u00f1os desarrollando programas MIP en Norteam\u00e9rica \u2013 Silvia Rond\u00f3n<\/a><\/p>\n<p><a href=\"http:\/\/sepperu.com.pe\/wp1\/wp-content\/uploads\/2019\/11\/Sady-Garc%C3%ADa-La-microbiolog%C3%ADa-del-suelo-y-el-MIP_watermark.pdf\" target=\"_blank\" rel=\"noopener noreferrer\">La microbiolog\u00eda del suelo y el MIP \u2013 Sady Garc\u00eda<\/a><\/p>\n<p><a href=\"http:\/\/sepperu.com.pe\/wp1\/wp-content\/uploads\/2019\/11\/Benjam%C3%ADn-Rey-Una-visi%C3%B3n-de-MIP-en-cultivos-agr%C3%ADcolas_watermark.pdf\" target=\"_blank\" rel=\"noopener noreferrer\">Una visi\u00f3n de MIP en cultivos agr\u00edcolas \u2013 Benjam\u00edn Rey<\/a><\/p>\n<p><a href=\"http:\/\/sepperu.com.pe\/wp1\/wp-content\/uploads\/2019\/11\/Carlos-Carrasco-%C3%8Dndices-de-calidad-ambiental-basados-en-macroinvertebrados-y-su-aplicaci%C3%B3n-en-bofedales_watermark.pdf\" target=\"_blank\" rel=\"noopener noreferrer\">\u00cdndices de calidad ambiental basados en macroinvertebrados y su aplicaci\u00f3n en bofedales \u2013 Carlos Carrasco<\/a><\/p>\n<p><a href=\"http:\/\/sepperu.com.pe\/wp1\/wp-content\/uploads\/2019\/11\/Jorge-Velasco-Macroinvertebrados-acu%C3%A1ticos-y-su-rol-en-la-cadena-tr%C3%B3fica-en-humedales_watermark.pdf\" target=\"_blank\" rel=\"noopener noreferrer\">Macroinvertebrados acu\u00e1ticos y su rol en la cadena tr\u00f3fica en humedales \u2013 Jorge Velasco<\/a><\/p>\n<p>\u00a0<\/p>\n<p><strong>Sesi\u00f3n 1: Morfolog\u00eda, Taxonom\u00eda y Sistem\u00e1tica<\/strong><\/p>\n<p><a href=\"http:\/\/sepperu.com.pe\/wp1\/wp-content\/uploads\/2019\/11\/Jos%C3%A9-Astudillo-Estafilinidos-asociados-al-arroz-en-Tumbes_watermark.pdf\" target=\"_blank\" rel=\"noopener noreferrer\">Estafil\u00ednidos asociados al arroz en Tumbes \u2013 Jos\u00e9 Astudillo<\/a><\/p>\n<p><a href=\"http:\/\/sepperu.com.pe\/wp1\/wp-content\/uploads\/2019\/11\/Pedro-Castillo-Familias-de-Diptera-en-el-Museo-de-la-Universidad-Nacional-de-Tumbes_watermark.pdf\" target=\"_blank\" rel=\"noopener noreferrer\">Familias de Diptera en el Museo de la Universidad Nacional de Tumbes \u2013 Pedro Castillo<\/a><\/p>\n<p><a href=\"http:\/\/sepperu.com.pe\/wp1\/wp-content\/uploads\/2019\/11\/Andr%C3%A9s-Chura-Polimorfismo-y-dimorfismo-sexual-en-Hippodamia-variegata_watermark.pdf\" target=\"_blank\" rel=\"noopener noreferrer\">Polimorfismo y dimorfismo sexual en <em>Hippodamia variegata<\/em> \u2013 Andr\u00e9s Chura<\/a><\/p>\n<p><a href=\"http:\/\/sepperu.com.pe\/wp1\/wp-content\/uploads\/2019\/11\/Pedro-Delgado-Nueve-nuevas-especies-de-car%C3%A1bidos-en-el-sur-de-los-andes_watermark.pdf\" target=\"_blank\" rel=\"noopener noreferrer\">Nueve nuevas especies de car\u00e1bidos en el sur de los Andes \u2013 Pedro Delgado<\/a><\/p>\n<p><a href=\"http:\/\/sepperu.com.pe\/wp1\/wp-content\/uploads\/2019\/11\/Ruth-Gutierrez-Col%C3%A9mbolos-colectados-en-el-cultivo-de-arroz-en-Tumbes_watermark.pdf\" target=\"_blank\" rel=\"noopener noreferrer\">Col\u00e9mbolos colectados en el cultivo de arroz en Tumbes \u2013 Ruth Guti\u00e9rrez<\/a><\/p>\n<p><a href=\"http:\/\/sepperu.com.pe\/wp1\/wp-content\/uploads\/2019\/11\/Karen-Vel%C3%A1squez-Descripci%C3%B3n-del-imago-de-Baetodes-traverae-Baetidae_watermark.pdf\" target=\"_blank\" rel=\"noopener noreferrer\">Descripci\u00f3n del imago de <em>Baetodes traverae<\/em> (Baetidae) \u2013 Karen Vel\u00e1squez<\/a><\/p>\n<p><a href=\"http:\/\/sepperu.com.pe\/wp1\/wp-content\/uploads\/2019\/11\/Carolina-Pisco-Especies-de-Euglossini-Hym-Apidae-en-el-Museo-de-la-Universidad-Nacional-de-Tumbes_watermark.pdf\" target=\"_blank\" rel=\"noopener noreferrer\">Especies de Euglossini (Hym.: \u00a0Apidae) en el Museo de la Universidad Nacional de Tumbes \u2013 Carolina Pisco<\/a><\/p>\n<p><a href=\"http:\/\/sepperu.com.pe\/wp1\/wp-content\/uploads\/2019\/11\/Nadia-Jim%C3%A9nez-Familias-de-Coleoptera-en-el-Museo-de-la-Universidad-Nacional-de-Tumbes_watermark.pdf\" target=\"_blank\" rel=\"noopener noreferrer\">Familias de Coleoptera en el Museo de la Universidad Nacional de Tumbes \u2013 Nadia Jim\u00e9nez<\/a><\/p>\n<p><a href=\"http:\/\/sepperu.com.pe\/wp1\/wp-content\/uploads\/2019\/11\/Dante-Bobadilla-Primeros-registros-de-Greenidea-psidii-y-G.-ficicola-en-Chile_watermark.pdf\" target=\"_blank\" rel=\"noopener noreferrer\">Primeros registros de <em>Greenidea psidii<\/em> y <em>G. ficicola<\/em> en Chile \u2013 Dante Bobadilla<\/a><\/p>\n<p>\u00a0<\/p>\n<p><strong>Sesi\u00f3n 2: Biolog\u00eda y Comportamiento<\/strong><\/p>\n<p><a href=\"http:\/\/sepperu.com.pe\/wp1\/wp-content\/uploads\/2019\/11\/Gaspar-Ayquipa-Ciclo-Biol%C3%B3gico-y-comportamiento-de-Blastobasis-graminea-Lep.-Coleophoridae_watermark.pdf\" target=\"_blank\" rel=\"noopener noreferrer\">Ciclo Biol\u00f3gico y comportamiento de <em>Blastobasis graminea<\/em> (Lep.: Coleophoridae) \u2013 Gaspar Ayquipa<\/a><\/p>\n<p><a href=\"http:\/\/sepperu.com.pe\/wp1\/wp-content\/uploads\/2019\/11\/Bladimir-Guerra-Ciclo-biol%C3%B3gico-y-morfolog%C3%ADa-de-Ocyptamus-persimilis.pdf\" target=\"_blank\" rel=\"noopener noreferrer\">Ciclo biol\u00f3gico y morfolog\u00eda de <em>Ocyptamus persimilis<\/em> (Dip.: Syrphidae) \u2013 Bladimir Guerra<\/a><\/p>\n<p><a href=\"http:\/\/sepperu.com.pe\/wp1\/wp-content\/uploads\/2019\/11\/Jordy-Holguin-Preferencia-del-lugar-de-oviposici%C3%B3n-de-Phyllocnistis-citrella-en-hojas-de-mandarina_watermark.pdf\" target=\"_blank\" rel=\"noopener noreferrer\">Preferencia del lugar de oviposici\u00f3n de <em>Phyllocnistis citrella<\/em> en hojas de mandarina \u2013 Jordy Holgu\u00edn<\/a><\/p>\n<p><a href=\"http:\/\/sepperu.com.pe\/wp1\/wp-content\/uploads\/2019\/11\/Kathleen-Neira-Ciclo-de-desarrollo-de-Pyrausta-panopealis-Lep.-Crambidae-en-albahaca_watermark.pdf\" target=\"_blank\" rel=\"noopener noreferrer\">Ciclo de desarrollo de <em>Pyrausta panopealis<\/em> (Lep.: Crambidae) en albahaca \u2013 Kathleen Neira<\/a><\/p>\n<p><a href=\"http:\/\/sepperu.com.pe\/wp1\/wp-content\/uploads\/2019\/11\/Dora-Gatty-Ventana-ambiental-para-el-forrajeo-de-la-abeja-sin-aguijon-Melipona-flavolineata_watermark.pdf\" target=\"_blank\" rel=\"noopener noreferrer\">Ventana ambiental para el forrajeo de la abeja sin aguij\u00f3n <em>Melipona flavolineata<\/em> \u2013 Dora Gatty<\/a><\/p>\n<p>\u00a0<\/p>\n<p><strong>Sesi\u00f3n 3: Ecolog\u00eda y Biodiversidad<\/strong><\/p>\n<p><a href=\"http:\/\/sepperu.com.pe\/wp1\/wp-content\/uploads\/2019\/11\/Rosel-Aguilar-Macrofauna-del-suelo-en-cuatro-sistemas-de-uso-de-tierra-en-Cayena_watermark.pdf\" target=\"_blank\" rel=\"noopener noreferrer\">Macrofauna del suelo en cuatro sistemas de uso de tierra en Cayena \u2013 Rosel Aguilar<\/a><\/p>\n<p><a href=\"http:\/\/sepperu.com.pe\/wp1\/wp-content\/uploads\/2019\/11\/Miguel-Anteparra-Diversidad-de-especies-de-artr%C3%B3podos-del-suelo-en-cacao-asociado-con-bolaina_watermark.pdf\" target=\"_blank\" rel=\"noopener noreferrer\">Diversidad de especies de artr\u00f3podos del suelo en cacao asociado con bolaina \u2013 Miguel Anteparra<\/a><\/p>\n<p><a href=\"http:\/\/sepperu.com.pe\/wp1\/wp-content\/uploads\/2019\/11\/Raider-Castro-Diversidad-de-abejas-en-el-ssector-Paujil-de-Parque-Nacional-Yanachaga-Chemill%C3%A9n_watermark.pdf\" target=\"_blank\" rel=\"noopener noreferrer\">Diversidad de abejas en el sector Paujil de Parque Nacional Yanachaga Chemill\u00e9n \u2013 Raider Castro<\/a><\/p>\n<p><a href=\"http:\/\/sepperu.com.pe\/wp1\/wp-content\/uploads\/2019\/11\/Jes%C3%BAs-Rasc%C3%B3n-Ensamblaje-de-macroinvertebrados-acu%C3%A1ticos-para-conocer-calidad-de-agua-en-r%C3%ADo-Atu%C3%A9n-Amazonas_watermark.pdf\" target=\"_blank\" rel=\"noopener noreferrer\">Ensamblaje de macroinvertebrados acu\u00e1ticos para conocer calidad de agua en r\u00edo Atu\u00e9n, Amazonas \u2013 Jes\u00fas Rasc\u00f3n<\/a><\/p>\n<p><a href=\"http:\/\/sepperu.com.pe\/wp1\/wp-content\/uploads\/2019\/11\/Carol-S%C3%A1nchez-Macroinvertebrados-colonizadores-de-la-necromasa-en-plantaciones-de-Huayruro-y-Tornillo_watermark.pdf\" target=\"_blank\" rel=\"noopener noreferrer\">Macroinvertebrados colonizadores de la necromasa en plantaciones de Huayruro y Tornillo \u2013 Carol S\u00e1nchez<\/a><\/p>\n<p><a href=\"http:\/\/sepperu.com.pe\/wp1\/wp-content\/uploads\/2019\/11\/Bertha-Morales-Insectos-polinizadores-del-chirimoyo_watermark.pdf\" target=\"_blank\" rel=\"noopener noreferrer\">Insectos polinizadores del chirimoyo \u2013 Bertha Morales<\/a><\/p>\n<p><strong>\u00a0<\/strong><\/p>\n<p><strong>Sesi\u00f3n 4: Control Biol\u00f3gico<\/strong><\/p>\n<p><a href=\"http:\/\/sepperu.com.pe\/wp1\/wp-content\/uploads\/2019\/11\/Hanna-C%C3%A1ceres-Estrategia-de-control-de-Prodiplisis-longifila-con-nematodos-entomopat%C3%B3genos-en-esp%C3%A1rrago_watermark.pdf\" target=\"_blank\" rel=\"noopener noreferrer\">Estrategia de control de <em>Prodiplisis longifila<\/em> con nematodos entomopat\u00f3genos en esp\u00e1rrago \u2013 Hanna C\u00e1ceres<\/a><\/p>\n<p><a href=\"http:\/\/sepperu.com.pe\/wp1\/wp-content\/uploads\/2019\/11\/Irvin-Nole-Parasitoides-de-huevos-de-Tagosodes-orizicolus-plaga-del-arroz-en-Tumbes_watermark.pdf\" target=\"_blank\" rel=\"noopener noreferrer\">Parasitoides de huevos de <em>Tagosodes orizicolus<\/em> plaga del arroz en Tumbes \u2013 Irvin Nole<\/a><\/p>\n<p><a href=\"http:\/\/sepperu.com.pe\/wp1\/wp-content\/uploads\/2019\/11\/Rene-Quispe-Mortalidad-de-larvas-y-adultos-de-Anastrepha-striata-mediante-tres-entomopat%C3%B3genos_watermark.pdf\" target=\"_blank\" rel=\"noopener noreferrer\">Mortalidad de larvas y adultos de <em>Anastrepha striata<\/em> mediante tres entomopat\u00f3genos \u2013 Rene Quispe<\/a><\/p>\n<p><a href=\"http:\/\/sepperu.com.pe\/wp1\/wp-content\/uploads\/2019\/11\/Lelia-de-Tom%C3%A1s-Depredaci%C3%B3n-de-Oligonychus-sp-por-Euseius-sp.pdf\" target=\"_blank\" rel=\"noopener noreferrer\">Depredaci\u00f3n de <em>Oligonychus<\/em> sp. por <em>Euseius<\/em> sp. \u2013 Lelia de Tom\u00e1s<\/a><\/p>\n<p><strong>\u00a0<\/strong><\/p>\n<p><strong>Sesi\u00f3n 5: Entomolog\u00eda M\u00e9dica, Veteriaria y Forense<\/strong><\/p>\n<p><a href=\"http:\/\/sepperu.com.pe\/wp1\/wp-content\/uploads\/2019\/11\/Ysabel-Murrugarra-Euryomma-peregrinum-Dip.-Fannidae-en-cad%C3%A1veres-de-cerdos_watermark.pdf\" target=\"_blank\" rel=\"noopener noreferrer\"><em>Euryomma peregrinum<\/em> (Dip. Fannidae) en cad\u00e1veres de cerdos \u2013 Ysabel Murrugarra<\/a><\/p>\n<p><a href=\"http:\/\/sepperu.com.pe\/wp1\/wp-content\/uploads\/2019\/11\/Carlos-Carrasco-Simuliidae-densidad-y-caractereizaci%C3%B3n-ambiental-de-larvas-en-el-r%C3%ADo-Alameda-Ayaucho_watermark.pdf\" target=\"_blank\" rel=\"noopener noreferrer\">Simuliidae, densidad y caracterizaci\u00f3n ambiental de larvas en el r\u00edo Alameda \u2013 Ayacucho \u2013 Carlos Carrasco<\/a><\/p>\n<p><a href=\"http:\/\/sepperu.com.pe\/wp1\/wp-content\/uploads\/2019\/11\/Yuri-Ayala-Insectos-depredadores-para-el-control-de-mosquitos-culicidos-de-importancia-m%C3%A9dica_watermark.pdf\" target=\"_blank\" rel=\"noopener noreferrer\">Insectos depredadores para el control de mosquitos cul\u00edcidos de importancia m\u00e9dica \u2013 Yuri Ayala<\/a><\/p>\n<p><strong>\u00a0<\/strong><\/p>\n<p><strong>Sesi\u00f3n 6: Entomolog\u00eda Agr\u00edcola y Forestal<\/strong><\/p>\n<p><a href=\"http:\/\/sepperu.com.pe\/wp1\/wp-content\/uploads\/2019\/11\/Gaspar-Ayquipa-Infestaci%C3%B3n-de-Myrthimna-sp.-Lep.-Noctuidae-en-ca%C3%B1a-de-az%C3%BAcar_watermark.pdf\" target=\"_blank\" rel=\"noopener noreferrer\">Infestaci\u00f3n de <em>Myrthimna <\/em>sp. (Lep. Noctuidae) en ca\u00f1a de az\u00facar \u2013 Gaspar Ayquipa<\/a><\/p>\n<p><a href=\"http:\/\/sepperu.com.pe\/wp1\/wp-content\/uploads\/2019\/11\/Gaspar-Ayquipa-P%C3%A9rdida-de-az%C3%BAcar-por-da%C3%B1o-de-Diatraea-saccharalis-y-hongos-pat%C3%B3genos-en-ca%C3%B1a-de-az%C3%BAcar_watermark.pdf\" target=\"_blank\" rel=\"noopener noreferrer\">P\u00e9rdida de az\u00facar por da\u00f1o de <em>Diatraea saccharalis<\/em> y hongos pat\u00f3genos en ca\u00f1a de az\u00facar \u2013 Gaspar Ayquipa<\/a><\/p>\n<p><a href=\"http:\/\/sepperu.com.pe\/wp1\/wp-content\/uploads\/2019\/11\/Andr%C3%A9s-Chura-Biolog%C3%ADa-ecolog%C3%ADa-comportamiento-y-m%C3%A9todos-de-control-de-Naupactus-cervinus-Curculionidae_watermark.pdf\" target=\"_blank\" rel=\"noopener noreferrer\">Biolog\u00eda, ecolog\u00eda, comportamiento y m\u00e9todos de control de <em>Naupactus cervinus<\/em> (Curculionidae) \u2013 Andr\u00e9s Chura<\/a><\/p>\n<p><a href=\"http:\/\/sepperu.com.pe\/wp1\/wp-content\/uploads\/2019\/11\/Carlos-Farf%C3%A1n-Drosophila-sp.-atacando-flores-de-Alstroemeria-sp.-en-Cusco_watermark.pdf\" target=\"_blank\" rel=\"noopener noreferrer\"><em>Drosophila<\/em> sp. atacando flores de <em>Alstroemeria<\/em> sp. en Cusco \u2013 Carlos Farf\u00e1n<\/a><\/p>\n<p><a href=\"http:\/\/sepperu.com.pe\/wp1\/wp-content\/uploads\/2019\/11\/Cesar-Guerra-Entomofauna-asociada-al-cultivo-del-or%C3%B1egano-en-Tacna_watermark.pdf\" target=\"_blank\" rel=\"noopener noreferrer\">Entomofauna asociada al cultivo del or\u00e9gano en Tacna \u2013 Cesar Guerra<\/a><\/p>\n<p><a href=\"http:\/\/sepperu.com.pe\/wp1\/wp-content\/uploads\/2019\/11\/Iris-Mezones-registro-cualitativo-de-la-emergencia-de-Carmenta-foraseminis_watermark.pdf\" target=\"_blank\" rel=\"noopener noreferrer\">Registro cualitativo de la emergencia de <em>Carmenta foraseminis<\/em> \u2013 Iris Mezones<\/a><\/p>\n<p><a href=\"http:\/\/sepperu.com.pe\/wp1\/wp-content\/uploads\/2019\/11\/Catherine-Coronado-Distribuci%C3%B3n-regional-y-abundancia-de-Premnotrypes-suturicallus-mediante-modelo-fenol%C3%B3gico_watermark.pdf\" target=\"_blank\" rel=\"noopener noreferrer\">Distribuci\u00f3n regional y abundancia de <em>Premnotrypes suturicallus<\/em> mediante modelo fenol\u00f3gico \u2013 Catherine Coronado<\/a><\/p>\n<p><a href=\"http:\/\/sepperu.com.pe\/wp1\/wp-content\/uploads\/2019\/11\/Miguel-Anteparra-Entomofauna-asociada-al-cacao-en-el-campus-de-la-Universidad-Nacional-Agraria-de-la-Selva_watermark.pdf\" target=\"_blank\" rel=\"noopener noreferrer\">Entomofauna asociada al cacao en el campus de la Universidad Nacional Agraria de la Selva \u2013 Miguel Anteparra<\/a><\/p>\n<p><a href=\"http:\/\/sepperu.com.pe\/wp1\/wp-content\/uploads\/2019\/11\/Rosario-Bravo-Influencia-del-cambio-clim%C3%A1tico-sobre-poblaciones-de-insectos-relacionados-a-cultivos-en-el-altiplano_watermark.pdf\" target=\"_blank\" rel=\"noopener noreferrer\">Influencia del cambio clim\u00e1tico sobre poblaciones de insectos relacionados a cultivos en el Altiplano \u2013 Rosario Bravo<\/a><\/p>\n<p><strong>\u00a0<\/strong><\/p>\n<p><strong>Sesi\u00f3n 7: Control Qu\u00edmico<\/strong><\/p>\n<p><a href=\"http:\/\/sepperu.com.pe\/wp1\/wp-content\/uploads\/2019\/11\/Jhoseline-Rios-Influencia-de-la-calidad-del-agua-en-el-desempe%C3%B1o-de-los-insecticidas-contra-Spodoptera-frugiperda_watermark.pdf\" target=\"_blank\" rel=\"noopener noreferrer\">Influencia de la calidad del agua en el desempe\u00f1o de los insecticidas contra <em>Spodoptera frugiperda<\/em> \u2013 Jhoseline Rios<\/a><\/p>\n<p><a href=\"http:\/\/sepperu.com.pe\/wp1\/wp-content\/uploads\/2019\/11\/Manuel-Gavidia-Eficacia-del-aciete-bot%C3%A1nico-de-clavo-de-olor-para-el-control-de-Panonychus-citri-en-mandarina_watermark.pdf\" target=\"_blank\" rel=\"noopener noreferrer\">Eficacia del aceite bot\u00e1nico de clavo de olor para el control de <em>Panonychus citri<\/em> en mandarina \u2013 Manuel Gavidia<\/a><\/p>\n<p><a href=\"http:\/\/sepperu.com.pe\/wp1\/wp-content\/uploads\/2019\/11\/Wily-Alarc%C3%B3n-Control-de-Aleurodicus-juleikae-en-palto-con-insecticidas-de-bajo-impacto_watermark.pdf\" target=\"_blank\" rel=\"noopener noreferrer\">Control de <em>Aleurodicus juleikae<\/em> en palto con insecticidas de bajo impacto \u2013 Wily Alarc\u00f3n<\/a><\/p>\n<p><strong>\u00a0<\/strong><\/p>\n<p><strong>Sesi\u00f3n 8: Productos Comerciales y Auspiciadores<\/strong><\/p>\n<p><a href=\"http:\/\/sepperu.com.pe\/wp1\/wp-content\/uploads\/2019\/11\/Katerin-Calle-Efecto-de-Oxymatrine-sobre-mortalidad-de-Hypothenemus-hampei_watermark.pdf\" target=\"_blank\" rel=\"noopener noreferrer\">Efecto de Oxymatrine sobre mortalidad de <em>Hypothenemus hampei<\/em> \u2013 Katerin Calle<\/a><\/p>\n<p><a href=\"http:\/\/sepperu.com.pe\/wp1\/wp-content\/uploads\/2019\/11\/Jhon-Asencios-Reducci%C3%B3n-de-la-incidencia-de-Carmenta-foraseminis-en-cacao-mediante-aplicaciones-de-Bacillus-thuringiensis_watermark.pdf\" target=\"_blank\" rel=\"noopener noreferrer\">Reducci\u00f3n de la incidencia de <em>Carmenta foraseminis<\/em> en cacao mediante aplicaciones de <em>Bacillus thuriengiensis<\/em> \u2013 Jhon Asencios<\/a><\/p>\n<p><a href=\"http:\/\/sepperu.com.pe\/wp1\/wp-content\/uploads\/2019\/11\/Karolyn-Vilca-Efecto-de-Bacillus-thuringiensis-sobre-mortalidad-de-Cosmopolites-sordidus_watermark.pdf\" target=\"_blank\" rel=\"noopener noreferrer\">Efecto de <em>Bacillus thuringiensis<\/em> sobre mortalidad de <em>Cosmopolites sordidus<\/em> \u2013 Karolyn Vilca<\/a><\/p>\n<p><a href=\"http:\/\/sepperu.com.pe\/wp1\/wp-content\/uploads\/2019\/11\/Jossyn-Lockuan-Capacidad-atractiva-de-cera-trap-sobre-Ceratitis-capitata-y-Anastrepha-spp.-en-mango_watermark.pdf\" target=\"_blank\" rel=\"noopener noreferrer\">Capacidad atractiva de cera trap sobre <em>Ceratitis capitata <\/em>y <em>Anastrepha <\/em>spp. en mango \u2013 Jossyn Lockuan<\/a><\/p>\n<p><a href=\"http:\/\/sepperu.com.pe\/wp1\/wp-content\/uploads\/2019\/11\/Mar%C3%ADa-Quijandr%C3%ADa-gesti%C3%B3n-Integral-de-envases-vac%C3%ADos-de-agroqu%C3%ADmicos_watermark.pdf\" target=\"_blank\" rel=\"noopener noreferrer\">Gesti\u00f3n Integral de envases vac\u00edos de agroqu\u00edmicos \u2013 Mar\u00eda Quijandr\u00eda<\/a><\/p>\n<p><a href=\"http:\/\/sepperu.com.pe\/wp1\/wp-content\/uploads\/2019\/11\/Hector-Espinoza-Manejo-de-Lepid%C3%B3pteros-Mediante-el-Uso-de-Agentes-de-Control-Biol%C3%B3gico-Microbiano-VPN-y-EB_watermark.pdf\" target=\"_blank\" rel=\"noopener noreferrer\">Manejo de Lepid\u00f3pteros Mediante el Uso de Agentes de Control Biol\u00f3gico Microbiano \u2013 VPN y EB \u2013 H\u00e9ctor Espinoza<\/a>[\/vc_column_text][\/vc_column][\/vc_row]<\/p>\n<\/body><\/div>","protected":false},"excerpt":{"rendered":"<p>[vc_row][vc_column css=\u201d.vc_custom_1560777659697{padding-bottom: 50px !important;}\u201d][vc_column_text css=\u201d.vc_custom_1574181958675{margin-top: 40px !important;}\u201d]GANADOR PREMIO LAMAS Efecto del extracto de Azadirachta indica Neem sobre viabilidad de Aedes aegypti \u2013 Pamela Morante\u00a0 \u00a0 GANADOR PREMIO HERRERA Comparaci\u00f3n de los perfiles qu\u00edmicos de los extractos de \u00f3rganos sexuales de Copitarsia uncilata (Lep. Noctuidae) \u2013 Harold Hern\u00e1ndez \u00a0 CONFERENCIAS Evoluci\u00f3n de la hematofagia, preferencia de&hellip;<\/p>\n","protected":false},"author":1,"featured_media":0,"parent":0,"menu_order":0,"comment_status":"closed","ping_status":"closed","template":"","meta":{"_monsterinsights_skip_tracking":false,"footnotes":""},"class_list":["post-2516","page","type-page","status-publish","hentry","description-off"],"aioseo_notices":[],"aioseo_head":"\n\t\t<!-- All in One SEO 5.0.1.1 - aioseo.com -->\n\t<meta name=\"robots\" content=\"max-image-preview:large\" \/>\n\t<link rel=\"canonical\" href=\"https:\/\/sepperu.org.pe\/index.php\/presentaciones-cne\/\" \/>\n\t<meta name=\"generator\" content=\"All in One SEO (AIOSEO) 5.0.1.1\" \/>\n\t\t<meta property=\"og:locale\" content=\"es_ES\" \/>\n\t\t<meta property=\"og:site_name\" content=\"Sociedad Entomologica del Peru | Asociaci\u00f3n Cient\u00edfica Peruana de Entomolog\u00eda\" \/>\n\t\t<meta property=\"og:type\" content=\"article\" \/>\n\t\t<meta property=\"og:title\" content=\"Presentaciones CNE 2019 | Sociedad Entomologica del Peru\" \/>\n\t\t<meta property=\"og:url\" content=\"https:\/\/sepperu.org.pe\/index.php\/presentaciones-cne\/\" \/>\n\t\t<meta property=\"article:published_time\" content=\"2019-11-16T16:56:10+00:00\" \/>\n\t\t<meta property=\"article:modified_time\" content=\"2019-11-19T16:46:23+00:00\" \/>\n\t\t<meta name=\"twitter:card\" content=\"summary\" \/>\n\t\t<meta name=\"twitter:title\" content=\"Presentaciones CNE 2019 | Sociedad Entomologica del Peru\" \/>\n\t\t<script type=\"application\/ld+json\" class=\"aioseo-schema\">\n\t\t\t{\"@context\":\"https:\\\/\\\/schema.org\",\"@graph\":[{\"@type\":\"BreadcrumbList\",\"@id\":\"https:\\\/\\\/sepperu.org.pe\\\/index.php\\\/presentaciones-cne\\\/#breadcrumblist\",\"itemListElement\":[{\"@type\":\"ListItem\",\"@id\":\"https:\\\/\\\/sepperu.org.pe#listItem\",\"position\":1,\"name\":\"Home\",\"item\":\"https:\\\/\\\/sepperu.org.pe\",\"nextItem\":{\"@type\":\"ListItem\",\"@id\":\"https:\\\/\\\/sepperu.org.pe\\\/index.php\\\/presentaciones-cne\\\/#listItem\",\"name\":\"Presentaciones CNE 2019\"}},{\"@type\":\"ListItem\",\"@id\":\"https:\\\/\\\/sepperu.org.pe\\\/index.php\\\/presentaciones-cne\\\/#listItem\",\"position\":2,\"name\":\"Presentaciones CNE 2019\",\"previousItem\":{\"@type\":\"ListItem\",\"@id\":\"https:\\\/\\\/sepperu.org.pe#listItem\",\"name\":\"Home\"}}]},{\"@type\":\"Organization\",\"@id\":\"https:\\\/\\\/sepperu.org.pe\\\/#organization\",\"name\":\"Sociedad Entomologica del Peru\",\"description\":\"Asociaci\\u00f3n Cient\\u00edfica Peruana de Entomolog\\u00eda\",\"url\":\"https:\\\/\\\/sepperu.org.pe\\\/\"},{\"@type\":\"WebPage\",\"@id\":\"https:\\\/\\\/sepperu.org.pe\\\/index.php\\\/presentaciones-cne\\\/#webpage\",\"url\":\"https:\\\/\\\/sepperu.org.pe\\\/index.php\\\/presentaciones-cne\\\/\",\"name\":\"Presentaciones CNE 2019 | Sociedad Entomologica del Peru\",\"inLanguage\":\"es-PE\",\"isPartOf\":{\"@id\":\"https:\\\/\\\/sepperu.org.pe\\\/#website\"},\"breadcrumb\":{\"@id\":\"https:\\\/\\\/sepperu.org.pe\\\/index.php\\\/presentaciones-cne\\\/#breadcrumblist\"},\"datePublished\":\"2019-11-16T11:56:10-05:00\",\"dateModified\":\"2019-11-19T11:46:23-05:00\"},{\"@type\":\"WebSite\",\"@id\":\"https:\\\/\\\/sepperu.org.pe\\\/#website\",\"url\":\"https:\\\/\\\/sepperu.org.pe\\\/\",\"name\":\"Sociedad Entomologica del Peru\",\"description\":\"Asociaci\\u00f3n Cient\\u00edfica Peruana de Entomolog\\u00eda\",\"inLanguage\":\"es-PE\",\"publisher\":{\"@id\":\"https:\\\/\\\/sepperu.org.pe\\\/#organization\"}}]}\n\t\t<\/script>\n\t\t<!-- All in One SEO -->\n\n","aioseo_head_json":{"title":"Presentaciones CNE 2019 | Sociedad Entomologica del Peru","description":"","canonical_url":"https:\/\/sepperu.org.pe\/index.php\/presentaciones-cne\/","robots":"max-image-preview:large","keywords":"","webmasterTools":{"miscellaneous":""},"schema":{"@context":"https:\/\/schema.org","@graph":[{"@type":"BreadcrumbList","@id":"https:\/\/sepperu.org.pe\/index.php\/presentaciones-cne\/#breadcrumblist","itemListElement":[{"@type":"ListItem","@id":"https:\/\/sepperu.org.pe#listItem","position":1,"name":"Home","item":"https:\/\/sepperu.org.pe","nextItem":{"@type":"ListItem","@id":"https:\/\/sepperu.org.pe\/index.php\/presentaciones-cne\/#listItem","name":"Presentaciones CNE 2019"}},{"@type":"ListItem","@id":"https:\/\/sepperu.org.pe\/index.php\/presentaciones-cne\/#listItem","position":2,"name":"Presentaciones CNE 2019","previousItem":{"@type":"ListItem","@id":"https:\/\/sepperu.org.pe#listItem","name":"Home"}}]},{"@type":"Organization","@id":"https:\/\/sepperu.org.pe\/#organization","name":"Sociedad Entomologica del Peru","description":"Asociaci\u00f3n Cient\u00edfica Peruana de Entomolog\u00eda","url":"https:\/\/sepperu.org.pe\/"},{"@type":"WebPage","@id":"https:\/\/sepperu.org.pe\/index.php\/presentaciones-cne\/#webpage","url":"https:\/\/sepperu.org.pe\/index.php\/presentaciones-cne\/","name":"Presentaciones CNE 2019 | Sociedad Entomologica del Peru","inLanguage":"es-PE","isPartOf":{"@id":"https:\/\/sepperu.org.pe\/#website"},"breadcrumb":{"@id":"https:\/\/sepperu.org.pe\/index.php\/presentaciones-cne\/#breadcrumblist"},"datePublished":"2019-11-16T11:56:10-05:00","dateModified":"2019-11-19T11:46:23-05:00"},{"@type":"WebSite","@id":"https:\/\/sepperu.org.pe\/#website","url":"https:\/\/sepperu.org.pe\/","name":"Sociedad Entomologica del Peru","description":"Asociaci\u00f3n Cient\u00edfica Peruana de Entomolog\u00eda","inLanguage":"es-PE","publisher":{"@id":"https:\/\/sepperu.org.pe\/#organization"}}]},"og:locale":"es_ES","og:site_name":"Sociedad Entomologica del Peru | Asociaci\u00f3n Cient\u00edfica Peruana de Entomolog\u00eda","og:type":"article","og:title":"Presentaciones CNE 2019 | Sociedad Entomologica del Peru","og:url":"https:\/\/sepperu.org.pe\/index.php\/presentaciones-cne\/","article:published_time":"2019-11-16T16:56:10+00:00","article:modified_time":"2019-11-19T16:46:23+00:00","twitter:card":"summary","twitter:title":"Presentaciones CNE 2019 | Sociedad Entomologica del Peru"},"aioseo_meta_data":{"post_id":"2516","title":null,"description":null,"keywords":null,"keyphrases":{"focus":[],"additional":[]},"primary_term":null,"canonical_url":null,"og_title":null,"og_description":null,"og_object_type":"default","og_image_type":"default","og_image_url":null,"og_image_width":null,"og_image_height":null,"og_image_custom_url":null,"og_image_custom_fields":null,"og_video":null,"og_custom_url":null,"og_article_section":null,"og_article_tags":null,"twitter_use_og":false,"twitter_card":"default","twitter_image_type":"default","twitter_image_url":null,"twitter_image_custom_url":null,"twitter_image_custom_fields":null,"twitter_title":null,"twitter_description":null,"schema":{"blockGraphs":[],"customGraphs":[],"default":{"data":{"Article":[],"Course":[],"Dataset":[],"FAQPage":[],"Movie":[],"Person":[],"Product":[],"ProductReview":[],"Car":[],"Recipe":[],"Service":[],"SoftwareApplication":[],"WebPage":[]},"graphName":"","isEnabled":true},"graphs":[],"defaultGraph":"","defaultPostTypeGraph":""},"schema_type":null,"schema_type_options":null,"pillar_content":false,"robots_default":true,"robots_noindex":false,"robots_noarchive":false,"robots_nosnippet":false,"robots_nofollow":false,"robots_noimageindex":false,"robots_noodp":false,"robots_notranslate":false,"robots_max_snippet":null,"robots_max_videopreview":null,"robots_max_imagepreview":"large","priority":null,"frequency":null,"location":null,"local_seo":null,"breadcrumb_settings":null,"limit_modified_date":false,"ai":null,"created":"2020-12-21 08:44:16","updated":"2026-09-04 20:17:00","seo_analyzer_scan_date":null,"focus_keyword":null,"additional_keywords":null,"truseo_locale":null},"aioseo_breadcrumb":"<div class=\"aioseo-breadcrumbs\"><span class=\"aioseo-breadcrumb\">\n\t\t\t<a href=\"https:\/\/sepperu.org.pe\" title=\"Home\">Home<\/a>\n\t\t<\/span><span class=\"aioseo-breadcrumb-separator\">&raquo;<\/span><span class=\"aioseo-breadcrumb\">\n\t\t\tPresentaciones CNE 2019\n\t\t<\/span><\/div>","aioseo_breadcrumb_json":[{"label":"Home","link":"https:\/\/sepperu.org.pe"},{"label":"Presentaciones CNE 2019","link":"https:\/\/sepperu.org.pe\/index.php\/presentaciones-cne\/"}],"_links":{"self":[{"href":"https:\/\/sepperu.org.pe\/index.php\/wp-json\/wp\/v2\/pages\/2516","targetHints":{"allow":["GET"]}}],"collection":[{"href":"https:\/\/sepperu.org.pe\/index.php\/wp-json\/wp\/v2\/pages"}],"about":[{"href":"https:\/\/sepperu.org.pe\/index.php\/wp-json\/wp\/v2\/types\/page"}],"author":[{"embeddable":true,"href":"https:\/\/sepperu.org.pe\/index.php\/wp-json\/wp\/v2\/users\/1"}],"replies":[{"embeddable":true,"href":"https:\/\/sepperu.org.pe\/index.php\/wp-json\/wp\/v2\/comments?post=2516"}],"version-history":[{"count":11,"href":"https:\/\/sepperu.org.pe\/index.php\/wp-json\/wp\/v2\/pages\/2516\/revisions"}],"predecessor-version":[{"id":2571,"href":"https:\/\/sepperu.org.pe\/index.php\/wp-json\/wp\/v2\/pages\/2516\/revisions\/2571"}],"wp:attachment":[{"href":"https:\/\/sepperu.org.pe\/index.php\/wp-json\/wp\/v2\/media?parent=2516"}],"curies":[{"name":"wp","href":"https:\/\/api.w.org\/{rel}","templated":true}]}}