{"id":2221,"date":"2019-09-09T12:45:13","date_gmt":"2019-09-09T12:45:13","guid":{"rendered":"http:\/\/sepperu.com.pe\/wp1\/?page_id=2221"},"modified":"2019-09-09T19:09:48","modified_gmt":"2019-09-09T19:09:48","slug":"2221-2","status":"publish","type":"page","link":"https:\/\/sepperu.org.pe\/index.php\/convencion\/2221-2\/","title":{"rendered":"Ciudad"},"content":{"rendered":"<div class=\"wpb-content-wrapper\"><body><p>[vc_row][vc_column css=\u201d.vc_custom_1560777659697{padding-bottom: 50px !important;}\u201d][vc_single_image image=\u201d2211\u2033 img_size=\u201d1000\u00d7197\u2033 alignment=\u201dcenter\u201d css_animation=\u201dfadeIn\u201d css=\u201d.vc_custom_1568031783765{margin-bottom: 20px !important;}\u201d]<div id=\"ultimate-heading-18116a9b3d54cf6e2\" class=\"uvc-heading ult-adjust-bottom-margin ultimate-heading-18116a9b3d54cf6e2 uvc-4282 accent-subtitle-color\" data-hspacer=\"no_spacer\"  data-halign=\"left\" style=\"text-align:left\"><div class=\"uvc-heading-spacer no_spacer\" style=\"top\"><\/div><div class=\"uvc-main-heading ult-responsive\"  data-ultimate-target='.uvc-heading.ultimate-heading-18116a9b3d54cf6e2 h3'  data-responsive-json-new='{\"font-size\":\"desktop:30px;\",\"line-height\":\"desktop:40px;\"}' ><h3 style=\"font-weight:bold;margin-bottom:5px;\">Bienvenidos a Ica<\/h3><\/div><\/div>[\/vc_column][\/vc_row][vc_row][vc_column width=\u201d2\/3\u2033 css=\u201d.vc_custom_1560778479070{padding-bottom: 50px !important;}\u201d][vc_column_text]La ciudad de Ica es conocida como la ciudad del eterno sol a causa del intenso calor que invade sus calles durante todo el a\u00f1o. Esta ciudad se sit\u00faa en la provincia y en el departamento del mismo nombre, y es la capital del departamento en el que se halla.<\/p>\n<p>Entre los diferentes atractivos tur\u00edsticos que se encuentran dentro de la ciudad de Ica, se hallan lugares tales, como la Plaza de Armas, que es la estructura arquitect\u00f3nica de mayor antig\u00fcedad dentro la urbe. Alrededor de esta plaza se sit\u00faan importantes edificios, tales como la Catedral de la regi\u00f3n. La Catedral de Ica, que es una construcci\u00f3n que data del siglo XVIII, sufri\u00f3 graves da\u00f1os durante el pasado terremoto que se dio en Ica, motivo por el cual, reci\u00e9n en el a\u00f1o 2012, las autoridades de la regi\u00f3n, vieron la necesidad de restaurar la misma, para devolverle su antiguo esplendor.[\/vc_column_text][\/vc_column][vc_column width=\u201d1\/3\u2033]<style type=\"text\/css\" data-type=\"the7_shortcodes-inline-css\">.shortcode-single-image-wrap.shortcode-single-image-db86f439d8ddb02a694d4baade579b26.enable-bg-rollover .rollover i,\n.shortcode-single-image-wrap.shortcode-single-image-db86f439d8ddb02a694d4baade579b26.enable-bg-rollover .rollover-video i {\n  background: ;\n  background: -webkit-linear-gradient();\n  background: linear-gradient();\n}\n.shortcode-single-image-wrap.shortcode-single-image-db86f439d8ddb02a694d4baade579b26 .rollover-icon {\n  font-size: 32px;\n  color: #ffffff;\n  min-width: 44px;\n  min-height: 44px;\n  line-height: 44px;\n  border-radius: 100px;\n  border-style: solid;\n  border-width: 0px;\n}\n.dt-icon-bg-on.shortcode-single-image-wrap.shortcode-single-image-db86f439d8ddb02a694d4baade579b26 .rollover-icon {\n  background: rgba(255,255,255,0.3);\n  -webkit-box-shadow: none;\n  box-shadow: none;\n}<\/style><div class=\"shortcode-single-image-wrap shortcode-single-image-db86f439d8ddb02a694d4baade579b26 alignnone fadeIn animate-element caption-on  enable-bg-rollover dt-icon-bg-off\" style=\"margin-top:0px; margin-bottom:0px; margin-left:0px; margin-right:0px; width:550px;\"><div class=\"shortcode-single-image\"><div class=\"fancy-media-wrap\" style=\"\"><a href=\"http:\/\/sepperu.com.pe\/wp1\/wp-content\/uploads\/2019\/09\/plaza-armas-ica-1024.jpg\" class=\" layzr-bg rollover\" style=\"\" target=\"_blank\" rel=\"noopener\" aria-label=\"Image\"><img fetchpriority=\"high\" decoding=\"async\" class=\"preload-me lazy-load aspect\" src=\"data:image\/svg+xml,%3Csvg%20xmlns%3D&#39;http%3A%2F%2Fwww.w3.org%2F2000%2Fsvg&#39;%20viewBox%3D&#39;0%200%20550%20385&#39;%2F%3E\" data-src=\"https:\/\/sepperu.org.pe\/wp-content\/uploads\/2019\/09\/plaza-armas-ica.jpg\" data-srcset=\"https:\/\/sepperu.org.pe\/wp-content\/uploads\/2019\/09\/plaza-armas-ica.jpg 550w\" loading=\"eager\" style=\"--ratio: 550 \/ 385\" sizes=\"(max-width: 550px) 100vw, 550px\" width=\"550\" height=\"385\"  data-dt-location=\"https:\/\/sepperu.org.pe\/index.php\/convencion\/2221-2\/plaza-armas-ica\/\" alt=\"\" \/><\/a><\/div><\/div><div class=\"shortcode-single-caption\">Plaza de Armas de Ica<\/div><\/div>[\/vc_column][\/vc_row][vc_row][vc_column width=\u201d1\/2\u2033][vc_column_text]<strong>Informaci\u00f3n General Departamento de Ica<\/strong><\/p>\n<p><strong>Altitud<\/strong><\/p>\n<ul>\n<li>Capital: Ica (406 msnm)<\/li>\n<li>M\u00edn.: 2 msnm (Paracas)<\/li>\n<li>M\u00e1x.: 3796 msnm (San Pedro de Huacarpana)<\/li>\n<\/ul>\n<p><strong>Temperatura<\/strong><\/p>\n<ul>\n<li>M\u00e1x.: 32 \u00baC \u2013 M\u00edn.: 23 \u00baC<\/li>\n<\/ul>\n<p><strong>\u00bfC\u00f3mo llegar? \u2013 V\u00eda terrestre<\/strong><\/p>\n<ul>\n<li>Lima-Pisco: 227 km \/ 3 h<\/li>\n<li>Lima-Nasca: 445 km \/ 6 h<\/li>\n<li>Lima-Chincha: 200 km \/ 2 h 30 min<\/li>\n<li>Arequipa-Ica: 706 km \/ 11 h 30 min<\/li>\n<li>Cusco-Nasca: 660 km \/ 14 h<\/li>\n<li>Ayacucho-Ica: 388 km \/ 7 h<\/li>\n<\/ul>\n<p><strong>Distancias desde Ica hasta las ciudades de:<\/strong><\/p>\n<ul>\n<li>Pisco (provincia de Pisco): 76 km (1 h)<\/li>\n<li>Chincha Alta (provincia de Chincha): 103 km (1 h 20 min)<\/li>\n<li>Palpa (provincia de Palpa): 92 km (1 h 30 min)<\/li>\n<li>Nasca (provincia de Nasca): 142 km (2 h 30 min)<\/li>\n<\/ul>\n<p align=\"justify\"><strong>Informaci\u00f3n Tur\u00edstica:<\/strong><\/p>\n<p><a href=\"https:\/\/www.ytuqueplanes.com\/destinos\/ica\/110_ciudad-de-ica\" target=\"_blank\" rel=\"noopener noreferrer\">https:\/\/www.ytuqueplanes.com\/destinos\/ica\/110_ciudad-de-ica<\/a><\/p>\n<p><a href=\"https:\/\/turismoi.pe\/ciudades\/capital\/ica.htm\" target=\"_blank\" rel=\"noopener noreferrer\">https:\/\/turismoi.pe\/ciudades\/capital\/ica.htm<\/a><\/p>\n<p><a href=\"http:\/\/sepperu.com.pe\/wp1\/wp-content\/uploads\/2019\/09\/Guia_del_viajero_Ica_ES.pdf\" target=\"_blank\" rel=\"noopener noreferrer\">ICA: Gu\u00eda Pr\u00e1ctica para el Viajero<\/a>[\/vc_column_text][\/vc_column][vc_column width=\u201d1\/2\u2033][vc_single_image image=\u201d2228\u2033 img_size=\u201d300\u00d7300\u2033 add_caption=\u201dyes\u201d alignment=\u201dcenter\u201d onclick=\u201dcustom_link\u201d img_link_target=\u201d_blank\u201d link=\u201dhttp:\/\/sepperu.com.pe\/wp1\/wp-content\/uploads\/2019\/09\/mapa_ica_provincia-1400.gif\u201d][vc_single_image image=\u201d2232\u2033 img_size=\u201d300\u00d7300\u2033 add_caption=\u201dyes\u201d alignment=\u201dcenter\u201d onclick=\u201dcustom_link\u201d img_link_target=\u201d_blank\u201d css_animation=\u201dfadeIn\u201d link=\u201dhttp:\/\/sepperu.com.pe\/wp1\/wp-content\/uploads\/2019\/09\/mapa_ica_ciudad-1900.gif\u201d css=\u201d.vc_custom_1568033975685{margin-top: 40px !important;}\u201d][\/vc_column][\/vc_row]<\/p>\n<\/body><\/div>","protected":false},"excerpt":{"rendered":"<p>[vc_row][vc_column css=\u201d.vc_custom_1560777659697{padding-bottom: 50px !important;}\u201d][vc_single_image image=\u201d2211\u2033 img_size=\u201d1000\u00d7197\u2033 alignment=\u201dcenter\u201d css_animation=\u201dfadeIn\u201d css=\u201d.vc_custom_1568031783765{margin-bottom: 20px !important;}\u201d][\/vc_column][\/vc_row][vc_row][vc_column width=\u201d2\/3\u2033 css=\u201d.vc_custom_1560778479070{padding-bottom: 50px !important;}\u201d][vc_column_text]La ciudad de Ica es conocida como la ciudad del eterno sol a causa del intenso calor que invade sus calles durante todo el a\u00f1o. Esta ciudad se sit\u00faa en la provincia y en el departamento del mismo nombre, y es&hellip;<\/p>\n","protected":false},"author":1,"featured_media":0,"parent":2176,"menu_order":5,"comment_status":"closed","ping_status":"closed","template":"","meta":{"_monsterinsights_skip_tracking":false,"footnotes":""},"class_list":["post-2221","page","type-page","status-publish","hentry","description-off"],"aioseo_notices":[],"aioseo_head":"\n\t\t<!-- All in One SEO 5.0.1.1 - aioseo.com -->\n\t<meta name=\"robots\" content=\"max-image-preview:large\" \/>\n\t<link rel=\"canonical\" href=\"https:\/\/sepperu.org.pe\/index.php\/convencion\/2221-2\/\" \/>\n\t<meta name=\"generator\" content=\"All in One SEO (AIOSEO) 5.0.1.1\" \/>\n\t\t<meta property=\"og:locale\" content=\"es_ES\" \/>\n\t\t<meta property=\"og:site_name\" content=\"Sociedad Entomologica del Peru | Asociaci\u00f3n Cient\u00edfica Peruana de Entomolog\u00eda\" \/>\n\t\t<meta property=\"og:type\" content=\"article\" \/>\n\t\t<meta property=\"og:title\" content=\"Ciudad | Sociedad Entomologica del Peru\" \/>\n\t\t<meta property=\"og:url\" content=\"https:\/\/sepperu.org.pe\/index.php\/convencion\/2221-2\/\" \/>\n\t\t<meta property=\"article:published_time\" content=\"2019-09-09T12:45:13+00:00\" \/>\n\t\t<meta property=\"article:modified_time\" content=\"2019-09-09T19:09:48+00:00\" \/>\n\t\t<meta name=\"twitter:card\" content=\"summary\" \/>\n\t\t<meta name=\"twitter:title\" content=\"Ciudad | Sociedad Entomologica del Peru\" \/>\n\t\t<script type=\"application\/ld+json\" class=\"aioseo-schema\">\n\t\t\t{\"@context\":\"https:\\\/\\\/schema.org\",\"@graph\":[{\"@type\":\"BreadcrumbList\",\"@id\":\"https:\\\/\\\/sepperu.org.pe\\\/index.php\\\/convencion\\\/2221-2\\\/#breadcrumblist\",\"itemListElement\":[{\"@type\":\"ListItem\",\"@id\":\"https:\\\/\\\/sepperu.org.pe#listItem\",\"position\":1,\"name\":\"Home\",\"item\":\"https:\\\/\\\/sepperu.org.pe\",\"nextItem\":{\"@type\":\"ListItem\",\"@id\":\"https:\\\/\\\/sepperu.org.pe\\\/index.php\\\/convencion\\\/#listItem\",\"name\":\"Convenci\\u00f3n\"}},{\"@type\":\"ListItem\",\"@id\":\"https:\\\/\\\/sepperu.org.pe\\\/index.php\\\/convencion\\\/#listItem\",\"position\":2,\"name\":\"Convenci\\u00f3n\",\"item\":\"https:\\\/\\\/sepperu.org.pe\\\/index.php\\\/convencion\\\/\",\"nextItem\":{\"@type\":\"ListItem\",\"@id\":\"https:\\\/\\\/sepperu.org.pe\\\/index.php\\\/convencion\\\/2221-2\\\/#listItem\",\"name\":\"Ciudad\"},\"previousItem\":{\"@type\":\"ListItem\",\"@id\":\"https:\\\/\\\/sepperu.org.pe#listItem\",\"name\":\"Home\"}},{\"@type\":\"ListItem\",\"@id\":\"https:\\\/\\\/sepperu.org.pe\\\/index.php\\\/convencion\\\/2221-2\\\/#listItem\",\"position\":3,\"name\":\"Ciudad\",\"previousItem\":{\"@type\":\"ListItem\",\"@id\":\"https:\\\/\\\/sepperu.org.pe\\\/index.php\\\/convencion\\\/#listItem\",\"name\":\"Convenci\\u00f3n\"}}]},{\"@type\":\"Organization\",\"@id\":\"https:\\\/\\\/sepperu.org.pe\\\/#organization\",\"name\":\"Sociedad Entomologica del Peru\",\"description\":\"Asociaci\\u00f3n Cient\\u00edfica Peruana de Entomolog\\u00eda\",\"url\":\"https:\\\/\\\/sepperu.org.pe\\\/\"},{\"@type\":\"WebPage\",\"@id\":\"https:\\\/\\\/sepperu.org.pe\\\/index.php\\\/convencion\\\/2221-2\\\/#webpage\",\"url\":\"https:\\\/\\\/sepperu.org.pe\\\/index.php\\\/convencion\\\/2221-2\\\/\",\"name\":\"Ciudad | Sociedad Entomologica del Peru\",\"inLanguage\":\"es-PE\",\"isPartOf\":{\"@id\":\"https:\\\/\\\/sepperu.org.pe\\\/#website\"},\"breadcrumb\":{\"@id\":\"https:\\\/\\\/sepperu.org.pe\\\/index.php\\\/convencion\\\/2221-2\\\/#breadcrumblist\"},\"datePublished\":\"2019-09-09T12:45:13-05:00\",\"dateModified\":\"2019-09-09T19:09:48-05:00\"},{\"@type\":\"WebSite\",\"@id\":\"https:\\\/\\\/sepperu.org.pe\\\/#website\",\"url\":\"https:\\\/\\\/sepperu.org.pe\\\/\",\"name\":\"Sociedad Entomologica del Peru\",\"description\":\"Asociaci\\u00f3n Cient\\u00edfica Peruana de Entomolog\\u00eda\",\"inLanguage\":\"es-PE\",\"publisher\":{\"@id\":\"https:\\\/\\\/sepperu.org.pe\\\/#organization\"}}]}\n\t\t<\/script>\n\t\t<!-- All in One SEO -->\n\n","aioseo_head_json":{"title":"Ciudad | Sociedad Entomologica del Peru","description":"","canonical_url":"https:\/\/sepperu.org.pe\/index.php\/convencion\/2221-2\/","robots":"max-image-preview:large","keywords":"","webmasterTools":{"miscellaneous":""},"schema":{"@context":"https:\/\/schema.org","@graph":[{"@type":"BreadcrumbList","@id":"https:\/\/sepperu.org.pe\/index.php\/convencion\/2221-2\/#breadcrumblist","itemListElement":[{"@type":"ListItem","@id":"https:\/\/sepperu.org.pe#listItem","position":1,"name":"Home","item":"https:\/\/sepperu.org.pe","nextItem":{"@type":"ListItem","@id":"https:\/\/sepperu.org.pe\/index.php\/convencion\/#listItem","name":"Convenci\u00f3n"}},{"@type":"ListItem","@id":"https:\/\/sepperu.org.pe\/index.php\/convencion\/#listItem","position":2,"name":"Convenci\u00f3n","item":"https:\/\/sepperu.org.pe\/index.php\/convencion\/","nextItem":{"@type":"ListItem","@id":"https:\/\/sepperu.org.pe\/index.php\/convencion\/2221-2\/#listItem","name":"Ciudad"},"previousItem":{"@type":"ListItem","@id":"https:\/\/sepperu.org.pe#listItem","name":"Home"}},{"@type":"ListItem","@id":"https:\/\/sepperu.org.pe\/index.php\/convencion\/2221-2\/#listItem","position":3,"name":"Ciudad","previousItem":{"@type":"ListItem","@id":"https:\/\/sepperu.org.pe\/index.php\/convencion\/#listItem","name":"Convenci\u00f3n"}}]},{"@type":"Organization","@id":"https:\/\/sepperu.org.pe\/#organization","name":"Sociedad Entomologica del Peru","description":"Asociaci\u00f3n Cient\u00edfica Peruana de Entomolog\u00eda","url":"https:\/\/sepperu.org.pe\/"},{"@type":"WebPage","@id":"https:\/\/sepperu.org.pe\/index.php\/convencion\/2221-2\/#webpage","url":"https:\/\/sepperu.org.pe\/index.php\/convencion\/2221-2\/","name":"Ciudad | Sociedad Entomologica del Peru","inLanguage":"es-PE","isPartOf":{"@id":"https:\/\/sepperu.org.pe\/#website"},"breadcrumb":{"@id":"https:\/\/sepperu.org.pe\/index.php\/convencion\/2221-2\/#breadcrumblist"},"datePublished":"2019-09-09T12:45:13-05:00","dateModified":"2019-09-09T19:09:48-05:00"},{"@type":"WebSite","@id":"https:\/\/sepperu.org.pe\/#website","url":"https:\/\/sepperu.org.pe\/","name":"Sociedad Entomologica del Peru","description":"Asociaci\u00f3n Cient\u00edfica Peruana de Entomolog\u00eda","inLanguage":"es-PE","publisher":{"@id":"https:\/\/sepperu.org.pe\/#organization"}}]},"og:locale":"es_ES","og:site_name":"Sociedad Entomologica del Peru | Asociaci\u00f3n Cient\u00edfica Peruana de Entomolog\u00eda","og:type":"article","og:title":"Ciudad | Sociedad Entomologica del Peru","og:url":"https:\/\/sepperu.org.pe\/index.php\/convencion\/2221-2\/","article:published_time":"2019-09-09T12:45:13+00:00","article:modified_time":"2019-09-09T19:09:48+00:00","twitter:card":"summary","twitter:title":"Ciudad | Sociedad Entomologica del Peru"},"aioseo_meta_data":{"post_id":"2221","title":null,"description":null,"keywords":null,"keyphrases":{"focus":[],"additional":[]},"primary_term":null,"canonical_url":null,"og_title":null,"og_description":null,"og_object_type":"default","og_image_type":"default","og_image_url":null,"og_image_width":null,"og_image_height":null,"og_image_custom_url":null,"og_image_custom_fields":null,"og_video":null,"og_custom_url":null,"og_article_section":null,"og_article_tags":null,"twitter_use_og":false,"twitter_card":"default","twitter_image_type":"default","twitter_image_url":null,"twitter_image_custom_url":null,"twitter_image_custom_fields":null,"twitter_title":null,"twitter_description":null,"schema":{"blockGraphs":[],"customGraphs":[],"default":{"data":{"Article":[],"Course":[],"Dataset":[],"FAQPage":[],"Movie":[],"Person":[],"Product":[],"ProductReview":[],"Car":[],"Recipe":[],"Service":[],"SoftwareApplication":[],"WebPage":[]},"graphName":"","isEnabled":true},"graphs":[]},"schema_type":null,"schema_type_options":null,"pillar_content":false,"robots_default":true,"robots_noindex":false,"robots_noarchive":false,"robots_nosnippet":false,"robots_nofollow":false,"robots_noimageindex":false,"robots_noodp":false,"robots_notranslate":false,"robots_max_snippet":null,"robots_max_videopreview":null,"robots_max_imagepreview":"large","priority":null,"frequency":null,"location":null,"local_seo":null,"breadcrumb_settings":null,"limit_modified_date":false,"ai":null,"created":"2020-12-21 08:45:27","updated":"2026-09-04 20:16:53","seo_analyzer_scan_date":null,"focus_keyword":null,"additional_keywords":null,"truseo_locale":null},"aioseo_breadcrumb":"<div class=\"aioseo-breadcrumbs\"><span class=\"aioseo-breadcrumb\">\n\t\t\t<a href=\"https:\/\/sepperu.org.pe\" title=\"Home\">Home<\/a>\n\t\t<\/span><span class=\"aioseo-breadcrumb-separator\">&raquo;<\/span><span class=\"aioseo-breadcrumb\">\n\t\t\t<a href=\"https:\/\/sepperu.org.pe\/index.php\/convencion\/\" title=\"Convenci\u00f3n\">Convenci\u00f3n<\/a>\n\t\t<\/span><span class=\"aioseo-breadcrumb-separator\">&raquo;<\/span><span class=\"aioseo-breadcrumb\">\n\t\t\tCiudad\n\t\t<\/span><\/div>","aioseo_breadcrumb_json":[{"label":"Home","link":"https:\/\/sepperu.org.pe"},{"label":"Convenci\u00f3n","link":"https:\/\/sepperu.org.pe\/index.php\/convencion\/"},{"label":"Ciudad","link":"https:\/\/sepperu.org.pe\/index.php\/convencion\/2221-2\/"}],"_links":{"self":[{"href":"https:\/\/sepperu.org.pe\/index.php\/wp-json\/wp\/v2\/pages\/2221","targetHints":{"allow":["GET"]}}],"collection":[{"href":"https:\/\/sepperu.org.pe\/index.php\/wp-json\/wp\/v2\/pages"}],"about":[{"href":"https:\/\/sepperu.org.pe\/index.php\/wp-json\/wp\/v2\/types\/page"}],"author":[{"embeddable":true,"href":"https:\/\/sepperu.org.pe\/index.php\/wp-json\/wp\/v2\/users\/1"}],"replies":[{"embeddable":true,"href":"https:\/\/sepperu.org.pe\/index.php\/wp-json\/wp\/v2\/comments?post=2221"}],"version-history":[{"count":10,"href":"https:\/\/sepperu.org.pe\/index.php\/wp-json\/wp\/v2\/pages\/2221\/revisions"}],"predecessor-version":[{"id":2238,"href":"https:\/\/sepperu.org.pe\/index.php\/wp-json\/wp\/v2\/pages\/2221\/revisions\/2238"}],"up":[{"embeddable":true,"href":"https:\/\/sepperu.org.pe\/index.php\/wp-json\/wp\/v2\/pages\/2176"}],"wp:attachment":[{"href":"https:\/\/sepperu.org.pe\/index.php\/wp-json\/wp\/v2\/media?parent=2221"}],"curies":[{"name":"wp","href":"https:\/\/api.w.org\/{rel}","templated":true}]}}